{"id":186,"date":"2022-09-09T03:08:41","date_gmt":"2022-09-09T03:08:41","guid":{"rendered":"https:\/\/joanafranco.test\/project\/reconnection-experience-habemus-corpus\/"},"modified":"2023-05-25T12:43:22","modified_gmt":"2023-05-25T12:43:22","slug":"habemus-corpus","status":"publish","type":"project","link":"https:\/\/joanafranco.com\/pt-br\/projetos\/habemus-corpus\/","title":{"rendered":"Habemus Corpus"},"content":{"rendered":"\n<p>O corpo tem uma intelig\u00eancia \u00fanica que n\u00e3o costumamos acessar e ignorar essa sabedoria som\u00e1tica nos leva a um estado de desconex\u00e3o com a gente mesmo(a).<\/p>\n\n\n\n<p>Nossa aten\u00e7\u00e3o fica presa ao universo mental, o que gera ansiedade e confus\u00e3o, criando conflito interno nos processos de tomada de decis\u00e3o.<\/p>\n\n\n\n<p>Foi para proporcionar uma experi\u00eancia de reconex\u00e3o e ajudar a quem anda se sentindo desconectado(a) que nasceu o <strong><em>Habemus Corpus<\/em><\/strong>: um retiro de imers\u00e3o para relembrar nossa habilidade de ouvir e honrar o sentir do nosso corpo.<\/p>\n\n\n\n<p>Reconectar-se com a sua intelig\u00eancia som\u00e1tica \u00e9 resgatar a sabedoria instintiva que existe em voc\u00ea e o prazer de habitar o corpo com consci\u00eancia.<\/p>\n\n\n\n<h3 class=\"wp-block-heading\">O que a experi\u00eancia inclui<\/h3>\n\n\n\n<p>Durante essa Experi\u00eancia de Reconex\u00e3o voc\u00ea vai ficar imerso(a) presencialmente no seu corpo e na natureza, com estadia em uma linda casa de campo que tem acesso (no quintal!) a uma cachoeira particular, al\u00e9m de um jardim extenso, varanda com vista privilegiada para as montanhas e deck com vista para a cachoeira.<\/p>\n\n\n\n<p>Voc\u00ea vai poder experimentar uma variedade de atividades que t\u00eam como foco cultivar a consci\u00eancia corporal e o movimento, como mindfulness, pr\u00e1ticas de yoga, medita\u00e7\u00e3o din\u00e2mica e dan\u00e7a livre.<\/p>\n\n\n\n<p>Faz parte do programa ter contato direto com a natureza atrav\u00e9s de caminhadas de grounding, alimenta\u00e7\u00e3o completa com refei\u00e7\u00f5es leves e saud\u00e1veis (vegetariana e\/ou vegana, com aten\u00e7\u00e3o a restri\u00e7\u00f5es individuais) e banho de cachoeira para relaxar.<\/p>\n\n\n\n<p>Al\u00e9m das pr\u00e1ticas de corpo e contato com a natureza, faremos c\u00edrculos de conversa e ritos intencionais que aceleram nossos processos de transforma\u00e7\u00e3o e reconex\u00e3o.<\/p>\n\n\n\n<p>*<em>A programa\u00e7\u00e3o pode sofrer altera\u00e7\u00f5es conforme o desenrolar dos processos em grupo e das condi\u00e7\u00f5es clim\u00e1ticas.<\/em><\/p>\n\n\n<div class=\"wp-block-image\">\n<figure class=\"aligncenter size-large\"><img loading=\"lazy\" decoding=\"async\" width=\"1024\" height=\"680\" src=\"https:\/\/joanafranco.com\/wp-content\/uploads\/2022\/09\/Screen-Shot-2022-08-16-at-100016-AM-1024x680.png\" alt=\"\" class=\"wp-image-36\" srcset=\"https:\/\/joanafranco.com\/wp-content\/uploads\/2022\/09\/Screen-Shot-2022-08-16-at-100016-AM-1024x680.png 1024w, https:\/\/joanafranco.com\/wp-content\/uploads\/2022\/09\/Screen-Shot-2022-08-16-at-100016-AM-300x199.png 300w, https:\/\/joanafranco.com\/wp-content\/uploads\/2022\/09\/Screen-Shot-2022-08-16-at-100016-AM-768x510.png 768w, https:\/\/joanafranco.com\/wp-content\/uploads\/2022\/09\/Screen-Shot-2022-08-16-at-100016-AM.png 1310w\" sizes=\"auto, (max-width: 1024px) 100vw, 1024px\" \/><\/figure>\n<\/div>\n\n<div class=\"wp-block-image\">\n<figure class=\"aligncenter size-large\"><img loading=\"lazy\" decoding=\"async\" width=\"1024\" height=\"686\" src=\"https:\/\/joanafranco.com\/wp-content\/uploads\/2022\/09\/Screen-Shot-2022-08-16-at-100730-AM-1024x686.png\" alt=\"\" class=\"wp-image-37\" srcset=\"https:\/\/joanafranco.com\/wp-content\/uploads\/2022\/09\/Screen-Shot-2022-08-16-at-100730-AM-1024x686.png 1024w, https:\/\/joanafranco.com\/wp-content\/uploads\/2022\/09\/Screen-Shot-2022-08-16-at-100730-AM-300x201.png 300w, https:\/\/joanafranco.com\/wp-content\/uploads\/2022\/09\/Screen-Shot-2022-08-16-at-100730-AM-768x514.png 768w, https:\/\/joanafranco.com\/wp-content\/uploads\/2022\/09\/Screen-Shot-2022-08-16-at-100730-AM.png 1478w\" sizes=\"auto, (max-width: 1024px) 100vw, 1024px\" \/><\/figure>\n<\/div>\n\n<div class=\"wp-block-image\">\n<figure class=\"aligncenter size-large\"><img loading=\"lazy\" decoding=\"async\" width=\"1024\" height=\"674\" src=\"https:\/\/joanafranco.com\/wp-content\/uploads\/2022\/09\/Screen-Shot-2022-08-16-at-100637-AM-1024x674.png\" alt=\"\" class=\"wp-image-38\" srcset=\"https:\/\/joanafranco.com\/wp-content\/uploads\/2022\/09\/Screen-Shot-2022-08-16-at-100637-AM-1024x674.png 1024w, https:\/\/joanafranco.com\/wp-content\/uploads\/2022\/09\/Screen-Shot-2022-08-16-at-100637-AM-300x198.png 300w, https:\/\/joanafranco.com\/wp-content\/uploads\/2022\/09\/Screen-Shot-2022-08-16-at-100637-AM-768x506.png 768w, https:\/\/joanafranco.com\/wp-content\/uploads\/2022\/09\/Screen-Shot-2022-08-16-at-100637-AM.png 1482w\" sizes=\"auto, (max-width: 1024px) 100vw, 1024px\" \/><\/figure>\n<\/div>\n\n\n<div class=\"wp-block-buttons is-content-justification-center is-layout-flex wp-container-core-buttons-is-layout-16018d1d wp-block-buttons-is-layout-flex\">\n<div class=\"wp-block-button\"><a class=\"wp-block-button__link wp-element-button\" href=\"https:\/\/forms.gle\/YctBGz8gQLTbLhiY9\" target=\"_blank\" rel=\"noreferrer noopener\">Inscreva-se<\/a><\/div>\n<\/div>\n\n\n\n<h3 class=\"wp-block-heading\">Os pilares dessa experi\u00eancia<\/h3>\n\n\n\n<p>Para reconectar com a intelig\u00eancia som\u00e1tica n\u00f3s iremos passar por uma jornada de autoconsci\u00eancia estruturada por 4 pilares:<\/p>\n\n\n\n<ol class=\"wp-block-list\">\n<li>Reconex\u00e3o com o ritmo natural do corpo<\/li>\n\n\n\n<li>Aten\u00e7\u00e3o plena para reconex\u00e3o com o sentir<\/li>\n\n\n\n<li>Consci\u00eancia da rela\u00e7\u00e3o e da comunica\u00e7\u00e3o com o corpo<\/li>\n\n\n\n<li>Atitude de cuidado e escolha consciente de honrar o corpo<\/li>\n<\/ol>\n\n\n\n<h3 class=\"wp-block-heading\">Como participar dessa experi\u00eancia<\/h3>\n\n\n\n<p>Esse encontro \u00edntimo e imersivo na natureza acontecer\u00e1 de 14\/10 (sexta, a partir das 17h, com jantar incluso) a 16\/10 (domingo, encerramento \u00e0s 14h, com almo\u00e7o incluso), em S\u00e3o Francisco Xavier (SP), que fica a 2h30 da cidade de S\u00e3o Paulo.<\/p>\n\n\n\n<p>S\u00e3o apenas 8 vagas e as inscri\u00e7\u00f5es s\u00e3o feitas por ordem de chegada com envio de comprovante do pagamento efetuado.<\/p>\n\n\n\n<p><strong>Inscri\u00e7\u00e3o e Investimento<\/strong><\/p>\n\n\n\n<p>Valor promocional para inscri\u00e7\u00f5es feitas <strong>at\u00e9 30\/8<\/strong>: R$ 1.232,00* (10% de desconto)<\/p>\n\n\n\n<p>Valor integral do retiro para inscri\u00e7\u00f5es feitas <strong>ap\u00f3s 30\/8<\/strong>: R$ 1.369,00*<\/p>\n\n\n\n<p>Para pagamentos ap\u00f3s 30\/8 feitos \u00e0 vista (por PIX ou dep\u00f3sito banc\u00e1rio) voc\u00ea ganha um desconto de 5% no valor integral da inscri\u00e7\u00e3o: R$ 1.300,00<\/p>\n\n\n\n<p>*Valores podem ser parcelado em at\u00e9 12 vezes no cart\u00e3o de cr\u00e9dito, via PicPay.<\/p>\n\n\n\n<p>Pagamentos no cart\u00e3o de cr\u00e9dito possuem uma taxa adicional cobrada pelo PicPay que varia conforme o n\u00famero de parcelas.<\/p>\n\n\n\n<p>O investimento inclui o retiro de 14 a 16 de outubro de 2022, com hospedagem (em quarto duplo ou triplo), alimenta\u00e7\u00e3o vegetariana e\/ou vegana completa (com caf\u00e9 da manh\u00e3, almo\u00e7o e jantar, al\u00e9m de frutas e ch\u00e1s \u00e0 disposi\u00e7\u00e3o), todas as viv\u00eancias, din\u00e2micas, e rituais.<\/p>\n\n\n\n<p>Qualquer d\u00favida, mande mensagem para <a href=\"mailto:joanafranco.com@gmail.com\">joanafranco.com@gmail.com<\/a><\/p>\n\n\n\n<div class=\"wp-block-buttons is-content-justification-center is-layout-flex wp-container-core-buttons-is-layout-16018d1d wp-block-buttons-is-layout-flex\">\n<div class=\"wp-block-button\"><a class=\"wp-block-button__link wp-element-button\" href=\"https:\/\/forms.gle\/YctBGz8gQLTbLhiY9\" target=\"_blank\" rel=\"noreferrer noopener\">Inscreva-se<\/a><\/div>\n<\/div>\n\n\n\n<h3 class=\"wp-block-heading\">Quem conduz essa experi\u00eancia<\/h3>\n\n\n\n<div class=\"wp-block-columns is-layout-flex wp-container-core-columns-is-layout-9d6595d7 wp-block-columns-is-layout-flex\">\n<div class=\"wp-block-column is-layout-flow wp-block-column-is-layout-flow\" style=\"flex-basis:33.33%\">\n<figure class=\"wp-block-image size-large\"><img loading=\"lazy\" decoding=\"async\" width=\"768\" height=\"1024\" src=\"https:\/\/joanafranco.com\/wp-content\/uploads\/2022\/09\/joana4-768x1024.jpeg\" alt=\"\" class=\"wp-image-35\" srcset=\"https:\/\/joanafranco.com\/wp-content\/uploads\/2022\/09\/joana4-768x1024.jpeg 768w, https:\/\/joanafranco.com\/wp-content\/uploads\/2022\/09\/joana4-225x300.jpeg 225w, https:\/\/joanafranco.com\/wp-content\/uploads\/2022\/09\/joana4-1152x1536.jpeg 1152w, https:\/\/joanafranco.com\/wp-content\/uploads\/2022\/09\/joana4-1536x2048.jpeg 1536w, https:\/\/joanafranco.com\/wp-content\/uploads\/2022\/09\/joana4-scaled.jpeg 1920w\" sizes=\"auto, (max-width: 768px) 100vw, 768px\" \/><\/figure>\n<\/div>\n\n\n\n<div class=\"wp-block-column is-layout-flow wp-block-column-is-layout-flow\" style=\"flex-basis:66.66%\">\n<p>Joana Franco \u00e9 professora de yoga e mentora de mindfulness e autoconhecimento, com mais de 30 anos de experi\u00eancia em pr\u00e1ticas meditativas.<\/p>\n\n\n\n<p>Sua forma\u00e7\u00e3o \u00e9 certificada pela Yoga Alliance dos Estados Unidos, e a forma\u00e7\u00e3o como professora de mindfulness foi feita atrav\u00e9s do programa MMTCP, certificado pela UC Berkeley (University of California).<\/p>\n\n\n\n<p>Joana tamb\u00e9m \u00e9 Ph.D. em Design e Ci\u00eancias do Aprendizado Transformativo pela USU (Utah State University), onde pesquisou o desenvolvimento de interesse pela pr\u00e1tica de mindfulness.<\/p>\n<\/div>\n<\/div>\n\n\n\n<div style=\"height:50px\" aria-hidden=\"true\" class=\"wp-block-spacer\"><\/div>\n\n\n\n<hr class=\"wp-block-separator has-alpha-channel-opacity\"\/>\n\n\n\n<div style=\"height:50px\" aria-hidden=\"true\" class=\"wp-block-spacer\"><\/div>\n\n\n\n<div class=\"wp-block-buttons is-content-justification-center is-layout-flex wp-container-core-buttons-is-layout-16018d1d wp-block-buttons-is-layout-flex\">\n<div class=\"wp-block-button\"><a class=\"wp-block-button__link wp-element-button\" href=\"https:\/\/joanafranco.com\/pt-br\/projetos\/\">Veja todos os projetos<\/a><\/div>\n<\/div>\n","protected":false},"featured_media":1022,"template":"","class_list":["post-186","project","type-project","status-publish","has-post-thumbnail","hentry"],"acf":[],"yoast_head":"<!-- This site is optimized with the Yoast SEO plugin v27.4 - https:\/\/yoast.com\/product\/yoast-seo-wordpress\/ -->\n<title>Habemus Corpus - Joana Franco<\/title>\n<meta name=\"description\" content=\"O Habemus Corpus \u00e9 um retiro de imers\u00e3o para promover experi\u00eancias de reconex\u00e3o e relembrar nossa habilidade de ouvir e honrar o sentir do nosso corpo.\" \/>\n<meta name=\"robots\" content=\"index, follow, max-snippet:-1, max-image-preview:large, max-video-preview:-1\" \/>\n<link rel=\"canonical\" href=\"https:\/\/joanafranco.com\/pt-br\/projetos\/habemus-corpus\/\" \/>\n<meta property=\"og:locale\" content=\"pt_BR\" \/>\n<meta property=\"og:type\" content=\"article\" \/>\n<meta property=\"og:title\" content=\"Habemus Corpus - Joana Franco\" \/>\n<meta property=\"og:description\" content=\"O Habemus Corpus \u00e9 um retiro de imers\u00e3o para promover experi\u00eancias de reconex\u00e3o e relembrar nossa habilidade de ouvir e honrar o sentir do nosso corpo.\" \/>\n<meta property=\"og:url\" content=\"https:\/\/joanafranco.com\/pt-br\/projetos\/habemus-corpus\/\" \/>\n<meta property=\"og:site_name\" content=\"Joana Franco\" \/>\n<meta property=\"article:modified_time\" content=\"2023-05-25T12:43:22+00:00\" \/>\n<meta property=\"og:image\" content=\"https:\/\/joanafranco.online\/wp-content\/uploads\/2022\/09\/HC-PT-768x768.png\" \/>\n\t<meta property=\"og:image:width\" content=\"768\" \/>\n\t<meta property=\"og:image:height\" content=\"768\" \/>\n\t<meta property=\"og:image:type\" content=\"image\/png\" \/>\n<meta name=\"twitter:card\" content=\"summary_large_image\" \/>\n<meta name=\"twitter:label1\" content=\"Est. tempo de leitura\" \/>\n\t<meta name=\"twitter:data1\" content=\"4 minutos\" \/>\n<script type=\"application\/ld+json\" class=\"yoast-schema-graph\">{\"@context\":\"https:\\\/\\\/schema.org\",\"@graph\":[{\"@type\":\"WebPage\",\"@id\":\"https:\\\/\\\/joanafranco.com\\\/pt-br\\\/projetos\\\/habemus-corpus\\\/\",\"url\":\"https:\\\/\\\/joanafranco.com\\\/pt-br\\\/projetos\\\/habemus-corpus\\\/\",\"name\":\"Habemus Corpus - Joana Franco\",\"isPartOf\":{\"@id\":\"https:\\\/\\\/joanafranco.online\\\/#website\"},\"primaryImageOfPage\":{\"@id\":\"https:\\\/\\\/joanafranco.com\\\/pt-br\\\/projetos\\\/habemus-corpus\\\/#primaryimage\"},\"image\":{\"@id\":\"https:\\\/\\\/joanafranco.com\\\/pt-br\\\/projetos\\\/habemus-corpus\\\/#primaryimage\"},\"thumbnailUrl\":\"https:\\\/\\\/joanafranco.com\\\/wp-content\\\/uploads\\\/2022\\\/09\\\/HC-PT.png\",\"datePublished\":\"2022-09-09T03:08:41+00:00\",\"dateModified\":\"2023-05-25T12:43:22+00:00\",\"description\":\"O Habemus Corpus \u00e9 um retiro de imers\u00e3o para promover experi\u00eancias de reconex\u00e3o e relembrar nossa habilidade de ouvir e honrar o sentir do nosso corpo.\",\"breadcrumb\":{\"@id\":\"https:\\\/\\\/joanafranco.com\\\/pt-br\\\/projetos\\\/habemus-corpus\\\/#breadcrumb\"},\"inLanguage\":\"pt-BR\",\"potentialAction\":[{\"@type\":\"ReadAction\",\"target\":[\"https:\\\/\\\/joanafranco.com\\\/pt-br\\\/projetos\\\/habemus-corpus\\\/\"]}]},{\"@type\":\"ImageObject\",\"inLanguage\":\"pt-BR\",\"@id\":\"https:\\\/\\\/joanafranco.com\\\/pt-br\\\/projetos\\\/habemus-corpus\\\/#primaryimage\",\"url\":\"https:\\\/\\\/joanafranco.com\\\/wp-content\\\/uploads\\\/2022\\\/09\\\/HC-PT.png\",\"contentUrl\":\"https:\\\/\\\/joanafranco.com\\\/wp-content\\\/uploads\\\/2022\\\/09\\\/HC-PT.png\",\"width\":1080,\"height\":1080},{\"@type\":\"BreadcrumbList\",\"@id\":\"https:\\\/\\\/joanafranco.com\\\/pt-br\\\/projetos\\\/habemus-corpus\\\/#breadcrumb\",\"itemListElement\":[{\"@type\":\"ListItem\",\"position\":1,\"name\":\"Home\",\"item\":\"https:\\\/\\\/joanafranco.online\\\/\"},{\"@type\":\"ListItem\",\"position\":2,\"name\":\"Projetos\",\"item\":\"https:\\\/\\\/joanafranco.com\\\/pt-br\\\/projetos\\\/\"},{\"@type\":\"ListItem\",\"position\":3,\"name\":\"Habemus Corpus\"}]},{\"@type\":\"WebSite\",\"@id\":\"https:\\\/\\\/joanafranco.online\\\/#website\",\"url\":\"https:\\\/\\\/joanafranco.online\\\/\",\"name\":\"Joana Franco\",\"description\":\"Aprendizado Transformativo\",\"publisher\":{\"@id\":\"https:\\\/\\\/joanafranco.online\\\/#\\\/schema\\\/person\\\/ac4a46ccc8a96e4910393418f135ce1d\"},\"potentialAction\":[{\"@type\":\"SearchAction\",\"target\":{\"@type\":\"EntryPoint\",\"urlTemplate\":\"https:\\\/\\\/joanafranco.online\\\/?s={search_term_string}\"},\"query-input\":{\"@type\":\"PropertyValueSpecification\",\"valueRequired\":true,\"valueName\":\"search_term_string\"}}],\"inLanguage\":\"pt-BR\"},{\"@type\":[\"Person\",\"Organization\"],\"@id\":\"https:\\\/\\\/joanafranco.online\\\/#\\\/schema\\\/person\\\/ac4a46ccc8a96e4910393418f135ce1d\",\"name\":\"Joana Franco\",\"image\":{\"@type\":\"ImageObject\",\"inLanguage\":\"pt-BR\",\"@id\":\"https:\\\/\\\/joanafranco.com\\\/wp-content\\\/uploads\\\/2022\\\/10\\\/joana_franco_ogimage.png\",\"url\":\"https:\\\/\\\/joanafranco.com\\\/wp-content\\\/uploads\\\/2022\\\/10\\\/joana_franco_ogimage.png\",\"contentUrl\":\"https:\\\/\\\/joanafranco.com\\\/wp-content\\\/uploads\\\/2022\\\/10\\\/joana_franco_ogimage.png\",\"width\":600,\"height\":315,\"caption\":\"Joana Franco\"},\"logo\":{\"@id\":\"https:\\\/\\\/joanafranco.com\\\/wp-content\\\/uploads\\\/2022\\\/10\\\/joana_franco_ogimage.png\"}}]}<\/script>\n<!-- \/ Yoast SEO plugin. -->","yoast_head_json":{"title":"Habemus Corpus - Joana Franco","description":"O Habemus Corpus \u00e9 um retiro de imers\u00e3o para promover experi\u00eancias de reconex\u00e3o e relembrar nossa habilidade de ouvir e honrar o sentir do nosso corpo.","robots":{"index":"index","follow":"follow","max-snippet":"max-snippet:-1","max-image-preview":"max-image-preview:large","max-video-preview":"max-video-preview:-1"},"canonical":"https:\/\/joanafranco.com\/pt-br\/projetos\/habemus-corpus\/","og_locale":"pt_BR","og_type":"article","og_title":"Habemus Corpus - Joana Franco","og_description":"O Habemus Corpus \u00e9 um retiro de imers\u00e3o para promover experi\u00eancias de reconex\u00e3o e relembrar nossa habilidade de ouvir e honrar o sentir do nosso corpo.","og_url":"https:\/\/joanafranco.com\/pt-br\/projetos\/habemus-corpus\/","og_site_name":"Joana Franco","article_modified_time":"2023-05-25T12:43:22+00:00","og_image":[{"width":768,"height":768,"url":"https:\/\/joanafranco.online\/wp-content\/uploads\/2022\/09\/HC-PT-768x768.png","type":"image\/png"}],"twitter_card":"summary_large_image","twitter_misc":{"Est. tempo de leitura":"4 minutos"},"schema":{"@context":"https:\/\/schema.org","@graph":[{"@type":"WebPage","@id":"https:\/\/joanafranco.com\/pt-br\/projetos\/habemus-corpus\/","url":"https:\/\/joanafranco.com\/pt-br\/projetos\/habemus-corpus\/","name":"Habemus Corpus - Joana Franco","isPartOf":{"@id":"https:\/\/joanafranco.online\/#website"},"primaryImageOfPage":{"@id":"https:\/\/joanafranco.com\/pt-br\/projetos\/habemus-corpus\/#primaryimage"},"image":{"@id":"https:\/\/joanafranco.com\/pt-br\/projetos\/habemus-corpus\/#primaryimage"},"thumbnailUrl":"https:\/\/joanafranco.com\/wp-content\/uploads\/2022\/09\/HC-PT.png","datePublished":"2022-09-09T03:08:41+00:00","dateModified":"2023-05-25T12:43:22+00:00","description":"O Habemus Corpus \u00e9 um retiro de imers\u00e3o para promover experi\u00eancias de reconex\u00e3o e relembrar nossa habilidade de ouvir e honrar o sentir do nosso corpo.","breadcrumb":{"@id":"https:\/\/joanafranco.com\/pt-br\/projetos\/habemus-corpus\/#breadcrumb"},"inLanguage":"pt-BR","potentialAction":[{"@type":"ReadAction","target":["https:\/\/joanafranco.com\/pt-br\/projetos\/habemus-corpus\/"]}]},{"@type":"ImageObject","inLanguage":"pt-BR","@id":"https:\/\/joanafranco.com\/pt-br\/projetos\/habemus-corpus\/#primaryimage","url":"https:\/\/joanafranco.com\/wp-content\/uploads\/2022\/09\/HC-PT.png","contentUrl":"https:\/\/joanafranco.com\/wp-content\/uploads\/2022\/09\/HC-PT.png","width":1080,"height":1080},{"@type":"BreadcrumbList","@id":"https:\/\/joanafranco.com\/pt-br\/projetos\/habemus-corpus\/#breadcrumb","itemListElement":[{"@type":"ListItem","position":1,"name":"Home","item":"https:\/\/joanafranco.online\/"},{"@type":"ListItem","position":2,"name":"Projetos","item":"https:\/\/joanafranco.com\/pt-br\/projetos\/"},{"@type":"ListItem","position":3,"name":"Habemus Corpus"}]},{"@type":"WebSite","@id":"https:\/\/joanafranco.online\/#website","url":"https:\/\/joanafranco.online\/","name":"Joana Franco","description":"Aprendizado Transformativo","publisher":{"@id":"https:\/\/joanafranco.online\/#\/schema\/person\/ac4a46ccc8a96e4910393418f135ce1d"},"potentialAction":[{"@type":"SearchAction","target":{"@type":"EntryPoint","urlTemplate":"https:\/\/joanafranco.online\/?s={search_term_string}"},"query-input":{"@type":"PropertyValueSpecification","valueRequired":true,"valueName":"search_term_string"}}],"inLanguage":"pt-BR"},{"@type":["Person","Organization"],"@id":"https:\/\/joanafranco.online\/#\/schema\/person\/ac4a46ccc8a96e4910393418f135ce1d","name":"Joana Franco","image":{"@type":"ImageObject","inLanguage":"pt-BR","@id":"https:\/\/joanafranco.com\/wp-content\/uploads\/2022\/10\/joana_franco_ogimage.png","url":"https:\/\/joanafranco.com\/wp-content\/uploads\/2022\/10\/joana_franco_ogimage.png","contentUrl":"https:\/\/joanafranco.com\/wp-content\/uploads\/2022\/10\/joana_franco_ogimage.png","width":600,"height":315,"caption":"Joana Franco"},"logo":{"@id":"https:\/\/joanafranco.com\/wp-content\/uploads\/2022\/10\/joana_franco_ogimage.png"}}]}},"_links":{"self":[{"href":"https:\/\/joanafranco.com\/pt-br\/wp-json\/wp\/v2\/project\/186","targetHints":{"allow":["GET"]}}],"collection":[{"href":"https:\/\/joanafranco.com\/pt-br\/wp-json\/wp\/v2\/project"}],"about":[{"href":"https:\/\/joanafranco.com\/pt-br\/wp-json\/wp\/v2\/types\/project"}],"wp:featuredmedia":[{"embeddable":true,"href":"https:\/\/joanafranco.com\/pt-br\/wp-json\/wp\/v2\/media\/1022"}],"wp:attachment":[{"href":"https:\/\/joanafranco.com\/pt-br\/wp-json\/wp\/v2\/media?parent=186"}],"curies":[{"name":"wp","href":"https:\/\/api.w.org\/{rel}","templated":true}]}}