{"id":1023,"date":"2023-03-14T15:17:57","date_gmt":"2023-03-14T15:17:57","guid":{"rendered":"https:\/\/bridging.love\/projects\/experiencia-de-reconexao-com-a-sabedoria-do-corpo-coracao\/"},"modified":"2023-05-25T12:43:10","modified_gmt":"2023-05-25T12:43:10","slug":"sabedoria-do-corpo-coracao","status":"publish","type":"project","link":"https:\/\/joanafranco.com\/pt-br\/projetos\/sabedoria-do-corpo-coracao\/","title":{"rendered":"Sabedoria do Corpo-Cora\u00e7\u00e3o"},"content":{"rendered":"\n<div class=\"wp-block-cover aligncenter is-light\"><span aria-hidden=\"true\" class=\"wp-block-cover__background has-background-dim\"><\/span><img loading=\"lazy\" decoding=\"async\" width=\"1080\" height=\"1080\" src=\"https:\/\/joanafranco.com\/wp-content\/uploads\/2023\/03\/Vivencia-de-Reconexao-com-a-Sabedoria-do-Corpo-Coracao.png\" class=\"wp-block-cover__image-background wp-post-image\" alt=\"\" data-object-fit=\"cover\" srcset=\"https:\/\/joanafranco.com\/wp-content\/uploads\/2023\/03\/Vivencia-de-Reconexao-com-a-Sabedoria-do-Corpo-Coracao.png 1080w, https:\/\/joanafranco.com\/wp-content\/uploads\/2023\/03\/Vivencia-de-Reconexao-com-a-Sabedoria-do-Corpo-Coracao-300x300.png 300w, https:\/\/joanafranco.com\/wp-content\/uploads\/2023\/03\/Vivencia-de-Reconexao-com-a-Sabedoria-do-Corpo-Coracao-1024x1024.png 1024w, https:\/\/joanafranco.com\/wp-content\/uploads\/2023\/03\/Vivencia-de-Reconexao-com-a-Sabedoria-do-Corpo-Coracao-150x150.png 150w, https:\/\/joanafranco.com\/wp-content\/uploads\/2023\/03\/Vivencia-de-Reconexao-com-a-Sabedoria-do-Corpo-Coracao-768x768.png 768w\" sizes=\"auto, (max-width: 1080px) 100vw, 1080px\" \/><div class=\"wp-block-cover__inner-container is-layout-flow wp-block-cover-is-layout-flow\">\n<p class=\"has-white-color has-text-color\"><\/p>\n\n\n\n<p class=\"has-text-align-center has-white-color has-text-color has-large-font-size\"><strong>02 de Abril de 2023<\/strong>&#13;\n<strong>em S\u00e3o Paulo<\/strong><\/p>\n<\/div><\/div>\n\n<p>Voc\u00ea passa a maior parte do tempo lidando com estresse? Voc\u00ea j\u00e1 deu um reset no seu organismo da quantidade de estresse que lida diariamente? N\u00e3o estou falando sobre beber nosso estresse. Estou falando sobre limpar a energia de estresse do nosso sistema como dever\u00edamos. Saiba como a reconex\u00e3o com a sabedoria do seu corpo-cora\u00e7\u00e3o pode te ajudar a fazer isso.<\/p>\n\n<p>Porque n\u00e3o aprendemos a dar cr\u00e9dito \u00e0 nossa natureza e \u00e0 sabedoria do nosso corpo-cora\u00e7\u00e3o, as situa\u00e7\u00f5es estressantes que encontramos no dia continuam se acumulando e sendo empurradas para dentro. A maneira como a maioria de n\u00f3s aprendeu a descomprimir pode nos ser bem prejudicial a longo prazo: nos distra\u00edmos de nossos sentimentos.<\/p>\n\n<p>Por mais que nos escondamos de nossos sentimentos e nos distraiamos, os eventos estressantes e traum\u00e1ticos s\u00e3o absorvidos pelo corpo. Como Bessel van der Kolk intitulou seu livro, &#8220;o corpo marca o placar&#8221; e esse nosso animal precisa que cuidemos dele de vez em quando. A boa not\u00edcia \u00e9 que temos a capacidade em nosso corpo de eliminar o estresse e ouvir novamente a voz gentil de nosso cora\u00e7\u00e3o.<\/p>\n\n<h3 class=\"wp-block-heading\">O que a experi\u00eancia inclui<\/h3>\n\n<p>Esta Experi\u00eancia de Reconex\u00e3o durar\u00e1 uma tarde inteira (das 14h \u00e0s 17h) e te convida a mergulhar na natureza do teu corpo. O objetivo desta experi\u00eancia \u00e9 trazer consci\u00eancia para as energias que est\u00e3o presas no corpo, a fim de liber\u00e1-las e entrar em contato com a sabedoria interior do cora\u00e7\u00e3o.<\/p>\n\n<p>Para isso, vamos come\u00e7ar com uma pr\u00e1tica leve de asanas de yoga, seguida de uma sess\u00e3o completa de Respira\u00e7\u00e3o Som\u00e1tica (breathwork) \u2013 uma t\u00e9cnica de limpeza energ\u00e9tica atrav\u00e9s da respira\u00e7\u00e3o \u2013 e terminaremos com uma atividade de reflex\u00e3o e partilha em grupo.<\/p>\n\n<p>Traga material para anota\u00e7\u00f5es e uma garrafinha de \u00e1gua!<\/p>\n\n<h3 class=\"wp-block-heading\">Os princ\u00edpios desta experi\u00eancia<\/h3>\n\n<p>Para se reconectar com a sabedoria do seu corpo-cora\u00e7\u00e3o, faremos uma jornada de aprendizado transformative estruturada por 3 princ\u00edpios:<\/p>\n\n<ol class=\"wp-block-list\">\n<li>O corpo tem uma intelig\u00eancia que precisa ser honrada<\/li>\n\n\n\n<li>A energia do estresse \u00e9 liberada e eliminada atrav\u00e9s da express\u00e3o som\u00e1tica<\/li>\n\n\n\n<li>O reset do sistema d\u00e1 acesso \u00e0 sabedoria do cora\u00e7\u00e3o<\/li>\n<\/ol>\n\n<h3 class=\"wp-block-heading\">Como participar desta experi\u00eancia<\/h3>\n\n<p>Esse encontro \u00edntimo e imersivo acontecer\u00e1 no dia 2 de abril, domingo, das 14h \u00e0s 17h. O espa\u00e7o em que estamos reunindo \u00e9 uma joia no meio de S\u00e3o Paulo. O evento ser\u00e1 realizado na <a href=\"https:\/\/www.transcende.com.br\/\" target=\"_blank\" rel=\"noreferrer noopener\">Casa Transcende<\/a>, localizada no bairro Perdizes, pr\u00f3ximo \u00e0 esta\u00e7\u00e3o de metr\u00f4 Vila Madalena. Endere\u00e7o: Rua Cayowa\u00e1, 2093F.<\/p>\n\n<figure class=\"wp-block-image size-full\"><img loading=\"lazy\" decoding=\"async\" width=\"1023\" height=\"450\" src=\"https:\/\/joanafranco.com\/wp-content\/uploads\/2023\/03\/casa-transcende.png\" alt=\"\" class=\"wp-image-1029\" srcset=\"https:\/\/joanafranco.com\/wp-content\/uploads\/2023\/03\/casa-transcende.png 1023w, https:\/\/joanafranco.com\/wp-content\/uploads\/2023\/03\/casa-transcende-300x132.png 300w, https:\/\/joanafranco.com\/wp-content\/uploads\/2023\/03\/casa-transcende-768x338.png 768w\" sizes=\"auto, (max-width: 1023px) 100vw, 1023px\" \/><\/figure>\n\n<div style=\"height:40px\" aria-hidden=\"true\" class=\"wp-block-spacer\"><\/div>\n\n<p>S\u00e3o apenas 10 vagas e as inscri\u00e7\u00f5es s\u00e3o feitas por ordem de chegada, mediante comprova\u00e7\u00e3o de pagamento.<\/p>\n\n<p><strong>Inscri\u00e7\u00e3o e Investimento<\/strong><\/p>\n\n<ul class=\"wp-block-list\">\n<li>Pre\u00e7o promocional para inscri\u00e7\u00f5es antecipadas feitas <strong>at\u00e9 19\/03<\/strong>: R$ 165,00*<\/li>\n\n\n\n<li>Pre\u00e7o para inscri\u00e7\u00f5es feitas <strong>depois de 19\/03<\/strong>: R$ 195,00*<\/li>\n<\/ul>\n\n<p><em>* Participantes da Rede Bridging Love t\u00eam 20% de desconto.<\/em><\/p>\n\n<p>Os pagamentos podem ser feitos via PIX ou cart\u00e3o de cr\u00e9dito. Note que os pagamentos com cart\u00e3o de cr\u00e9dito ter\u00e3o uma taxa adicional de 5% cobrada pela plataforma Stone.<\/p>\n\n<p>O investimento contempla a experi\u00eancia completa no dia 2 de abril de 2023, incluindo tapetes de yoga e um lanche com frutas e ch\u00e1s.<\/p>\n\n<p>Qualquer d\u00favida, mande mensagem para <a href=\"mailto:email@joanafranco.com\">email@joanafranco.com<\/a> ou (35) 99969-6843<\/p>\n\n<div class=\"wp-block-buttons is-content-justification-center is-layout-flex wp-container-core-buttons-is-layout-16018d1d wp-block-buttons-is-layout-flex\">\n<div class=\"wp-block-button\"><a class=\"wp-block-button__link wp-element-button\" href=\"https:\/\/forms.gle\/6dHTekD7GKxUuB8U6\">Inscreva-se agora<\/a><\/div>\n<\/div>\n\n<div style=\"height:50px\" aria-hidden=\"true\" class=\"wp-block-spacer\"><\/div>\n\n<h3 class=\"wp-block-heading\">Quem conduz essa experi\u00eancia<\/h3>\n\n<div class=\"wp-block-columns is-layout-flex wp-container-core-columns-is-layout-9d6595d7 wp-block-columns-is-layout-flex\">\n<div class=\"wp-block-column is-layout-flow wp-block-column-is-layout-flow\" style=\"flex-basis:33.33%\">\n<figure class=\"wp-block-image size-large\"><img loading=\"lazy\" decoding=\"async\" width=\"768\" height=\"1024\" src=\"https:\/\/joanafranco.com\/wp-content\/uploads\/2022\/09\/joana4-768x1024.jpeg\" alt=\"joana\" class=\"wp-image-35\" srcset=\"https:\/\/joanafranco.com\/wp-content\/uploads\/2022\/09\/joana4-768x1024.jpeg 768w, https:\/\/joanafranco.com\/wp-content\/uploads\/2022\/09\/joana4-225x300.jpeg 225w, https:\/\/joanafranco.com\/wp-content\/uploads\/2022\/09\/joana4-1152x1536.jpeg 1152w, https:\/\/joanafranco.com\/wp-content\/uploads\/2022\/09\/joana4-1536x2048.jpeg 1536w, https:\/\/joanafranco.com\/wp-content\/uploads\/2022\/09\/joana4-scaled.jpeg 1920w\" sizes=\"auto, (max-width: 768px) 100vw, 768px\" \/><\/figure>\n<\/div>\n\n\n\n<div class=\"wp-block-column is-layout-flow wp-block-column-is-layout-flow\" style=\"flex-basis:66.66%\">\n<p>Joana Franco \u00e9 professora de yoga e mentora de mindfulness e autoconhecimento, com mais de 30 anos de experi\u00eancia em pr\u00e1ticas meditativas.<\/p>\n\n\n\n<p>Sua forma\u00e7\u00e3o \u00e9 certificada pela Yoga Alliance dos Estados Unidos, e a forma\u00e7\u00e3o como professora de mindfulness foi feita atrav\u00e9s do programa MMTCP, certificado pela UC Berkeley (University of California).<\/p>\n\n\n\n<p>Joana tamb\u00e9m \u00e9 Ph.D. em Design e Ci\u00eancias do Aprendizado Transformativo pela USU (Utah State University), onde pesquisou o desenvolvimento de interesse pela pr\u00e1tica de mindfulness.<\/p>\n<\/div>\n<\/div>\n\n<div style=\"height:50px\" aria-hidden=\"true\" class=\"wp-block-spacer\"><\/div>\n\n<hr class=\"wp-block-separator has-alpha-channel-opacity\"\/>\n\n<div style=\"height:50px\" aria-hidden=\"true\" class=\"wp-block-spacer\"><\/div>\n\n<div class=\"wp-block-buttons is-content-justification-center is-layout-flex wp-container-core-buttons-is-layout-16018d1d wp-block-buttons-is-layout-flex\">\n<div class=\"wp-block-button\"><a class=\"wp-block-button__link wp-element-button\" href=\"https:\/\/joanafranco.com\/pt-br\/projetos\/\">Veja todos os projetos<\/a><\/div>\n<\/div>\n\n<p><\/p>\n","protected":false},"featured_media":1012,"template":"","class_list":["post-1023","project","type-project","status-publish","has-post-thumbnail","hentry"],"acf":[],"yoast_head":"<!-- This site is optimized with the Yoast SEO plugin v27.4 - https:\/\/yoast.com\/product\/yoast-seo-wordpress\/ -->\n<title>Sabedoria do Corpo-Cora\u00e7\u00e3o - Joana Franco<\/title>\n<meta name=\"description\" content=\"Essa experi\u00eancia trar\u00e1 consci\u00eancia \u00e0s energias que est\u00e3o presas no corpo, a fim de liber\u00e1-las e entrar em contato com a sabedoria interior do cora\u00e7\u00e3o.\" \/>\n<meta name=\"robots\" content=\"index, follow, max-snippet:-1, max-image-preview:large, max-video-preview:-1\" \/>\n<link rel=\"canonical\" href=\"https:\/\/joanafranco.com\/pt-br\/projetos\/sabedoria-do-corpo-coracao\/\" \/>\n<meta property=\"og:locale\" content=\"pt_BR\" \/>\n<meta property=\"og:type\" content=\"article\" \/>\n<meta property=\"og:title\" content=\"Sabedoria do Corpo-Cora\u00e7\u00e3o - Joana Franco\" \/>\n<meta property=\"og:description\" content=\"Essa experi\u00eancia trar\u00e1 consci\u00eancia \u00e0s energias que est\u00e3o presas no corpo, a fim de liber\u00e1-las e entrar em contato com a sabedoria interior do cora\u00e7\u00e3o.\" \/>\n<meta property=\"og:url\" content=\"https:\/\/joanafranco.com\/pt-br\/projetos\/sabedoria-do-corpo-coracao\/\" \/>\n<meta property=\"og:site_name\" content=\"Joana Franco\" \/>\n<meta property=\"article:modified_time\" content=\"2023-05-25T12:43:10+00:00\" \/>\n<meta property=\"og:image\" content=\"https:\/\/joanafranco.online\/wp-content\/uploads\/2023\/03\/Vivencia-de-Reconexao-com-a-Sabedoria-do-Corpo-Coracao.png\" \/>\n\t<meta property=\"og:image:width\" content=\"1080\" \/>\n\t<meta property=\"og:image:height\" content=\"1080\" \/>\n\t<meta property=\"og:image:type\" content=\"image\/png\" \/>\n<meta name=\"twitter:card\" content=\"summary_large_image\" \/>\n<meta name=\"twitter:label1\" content=\"Est. tempo de leitura\" \/>\n\t<meta name=\"twitter:data1\" content=\"4 minutos\" \/>\n<script type=\"application\/ld+json\" class=\"yoast-schema-graph\">{\"@context\":\"https:\\\/\\\/schema.org\",\"@graph\":[{\"@type\":\"WebPage\",\"@id\":\"https:\\\/\\\/joanafranco.com\\\/pt-br\\\/projetos\\\/sabedoria-do-corpo-coracao\\\/\",\"url\":\"https:\\\/\\\/joanafranco.com\\\/pt-br\\\/projetos\\\/sabedoria-do-corpo-coracao\\\/\",\"name\":\"Sabedoria do Corpo-Cora\u00e7\u00e3o - Joana Franco\",\"isPartOf\":{\"@id\":\"https:\\\/\\\/joanafranco.online\\\/#website\"},\"primaryImageOfPage\":{\"@id\":\"https:\\\/\\\/joanafranco.com\\\/pt-br\\\/projetos\\\/sabedoria-do-corpo-coracao\\\/#primaryimage\"},\"image\":{\"@id\":\"https:\\\/\\\/joanafranco.com\\\/pt-br\\\/projetos\\\/sabedoria-do-corpo-coracao\\\/#primaryimage\"},\"thumbnailUrl\":\"https:\\\/\\\/joanafranco.com\\\/wp-content\\\/uploads\\\/2023\\\/03\\\/Vivencia-de-Reconexao-com-a-Sabedoria-do-Corpo-Coracao.png\",\"datePublished\":\"2023-03-14T15:17:57+00:00\",\"dateModified\":\"2023-05-25T12:43:10+00:00\",\"description\":\"Essa experi\u00eancia trar\u00e1 consci\u00eancia \u00e0s energias que est\u00e3o presas no corpo, a fim de liber\u00e1-las e entrar em contato com a sabedoria interior do cora\u00e7\u00e3o.\",\"breadcrumb\":{\"@id\":\"https:\\\/\\\/joanafranco.com\\\/pt-br\\\/projetos\\\/sabedoria-do-corpo-coracao\\\/#breadcrumb\"},\"inLanguage\":\"pt-BR\",\"potentialAction\":[{\"@type\":\"ReadAction\",\"target\":[\"https:\\\/\\\/joanafranco.com\\\/pt-br\\\/projetos\\\/sabedoria-do-corpo-coracao\\\/\"]}]},{\"@type\":\"ImageObject\",\"inLanguage\":\"pt-BR\",\"@id\":\"https:\\\/\\\/joanafranco.com\\\/pt-br\\\/projetos\\\/sabedoria-do-corpo-coracao\\\/#primaryimage\",\"url\":\"https:\\\/\\\/joanafranco.com\\\/wp-content\\\/uploads\\\/2023\\\/03\\\/Vivencia-de-Reconexao-com-a-Sabedoria-do-Corpo-Coracao.png\",\"contentUrl\":\"https:\\\/\\\/joanafranco.com\\\/wp-content\\\/uploads\\\/2023\\\/03\\\/Vivencia-de-Reconexao-com-a-Sabedoria-do-Corpo-Coracao.png\",\"width\":1080,\"height\":1080},{\"@type\":\"BreadcrumbList\",\"@id\":\"https:\\\/\\\/joanafranco.com\\\/pt-br\\\/projetos\\\/sabedoria-do-corpo-coracao\\\/#breadcrumb\",\"itemListElement\":[{\"@type\":\"ListItem\",\"position\":1,\"name\":\"Home\",\"item\":\"https:\\\/\\\/joanafranco.online\\\/\"},{\"@type\":\"ListItem\",\"position\":2,\"name\":\"Projetos\",\"item\":\"https:\\\/\\\/joanafranco.com\\\/pt-br\\\/projetos\\\/\"},{\"@type\":\"ListItem\",\"position\":3,\"name\":\"Sabedoria do Corpo-Cora\u00e7\u00e3o\"}]},{\"@type\":\"WebSite\",\"@id\":\"https:\\\/\\\/joanafranco.online\\\/#website\",\"url\":\"https:\\\/\\\/joanafranco.online\\\/\",\"name\":\"Joana Franco\",\"description\":\"Aprendizado Transformativo\",\"publisher\":{\"@id\":\"https:\\\/\\\/joanafranco.online\\\/#\\\/schema\\\/person\\\/ac4a46ccc8a96e4910393418f135ce1d\"},\"potentialAction\":[{\"@type\":\"SearchAction\",\"target\":{\"@type\":\"EntryPoint\",\"urlTemplate\":\"https:\\\/\\\/joanafranco.online\\\/?s={search_term_string}\"},\"query-input\":{\"@type\":\"PropertyValueSpecification\",\"valueRequired\":true,\"valueName\":\"search_term_string\"}}],\"inLanguage\":\"pt-BR\"},{\"@type\":[\"Person\",\"Organization\"],\"@id\":\"https:\\\/\\\/joanafranco.online\\\/#\\\/schema\\\/person\\\/ac4a46ccc8a96e4910393418f135ce1d\",\"name\":\"Joana Franco\",\"image\":{\"@type\":\"ImageObject\",\"inLanguage\":\"pt-BR\",\"@id\":\"https:\\\/\\\/joanafranco.com\\\/wp-content\\\/uploads\\\/2022\\\/10\\\/joana_franco_ogimage.png\",\"url\":\"https:\\\/\\\/joanafranco.com\\\/wp-content\\\/uploads\\\/2022\\\/10\\\/joana_franco_ogimage.png\",\"contentUrl\":\"https:\\\/\\\/joanafranco.com\\\/wp-content\\\/uploads\\\/2022\\\/10\\\/joana_franco_ogimage.png\",\"width\":600,\"height\":315,\"caption\":\"Joana Franco\"},\"logo\":{\"@id\":\"https:\\\/\\\/joanafranco.com\\\/wp-content\\\/uploads\\\/2022\\\/10\\\/joana_franco_ogimage.png\"}}]}<\/script>\n<!-- \/ Yoast SEO plugin. -->","yoast_head_json":{"title":"Sabedoria do Corpo-Cora\u00e7\u00e3o - Joana Franco","description":"Essa experi\u00eancia trar\u00e1 consci\u00eancia \u00e0s energias que est\u00e3o presas no corpo, a fim de liber\u00e1-las e entrar em contato com a sabedoria interior do cora\u00e7\u00e3o.","robots":{"index":"index","follow":"follow","max-snippet":"max-snippet:-1","max-image-preview":"max-image-preview:large","max-video-preview":"max-video-preview:-1"},"canonical":"https:\/\/joanafranco.com\/pt-br\/projetos\/sabedoria-do-corpo-coracao\/","og_locale":"pt_BR","og_type":"article","og_title":"Sabedoria do Corpo-Cora\u00e7\u00e3o - Joana Franco","og_description":"Essa experi\u00eancia trar\u00e1 consci\u00eancia \u00e0s energias que est\u00e3o presas no corpo, a fim de liber\u00e1-las e entrar em contato com a sabedoria interior do cora\u00e7\u00e3o.","og_url":"https:\/\/joanafranco.com\/pt-br\/projetos\/sabedoria-do-corpo-coracao\/","og_site_name":"Joana Franco","article_modified_time":"2023-05-25T12:43:10+00:00","og_image":[{"width":1080,"height":1080,"url":"https:\/\/joanafranco.online\/wp-content\/uploads\/2023\/03\/Vivencia-de-Reconexao-com-a-Sabedoria-do-Corpo-Coracao.png","type":"image\/png"}],"twitter_card":"summary_large_image","twitter_misc":{"Est. tempo de leitura":"4 minutos"},"schema":{"@context":"https:\/\/schema.org","@graph":[{"@type":"WebPage","@id":"https:\/\/joanafranco.com\/pt-br\/projetos\/sabedoria-do-corpo-coracao\/","url":"https:\/\/joanafranco.com\/pt-br\/projetos\/sabedoria-do-corpo-coracao\/","name":"Sabedoria do Corpo-Cora\u00e7\u00e3o - Joana Franco","isPartOf":{"@id":"https:\/\/joanafranco.online\/#website"},"primaryImageOfPage":{"@id":"https:\/\/joanafranco.com\/pt-br\/projetos\/sabedoria-do-corpo-coracao\/#primaryimage"},"image":{"@id":"https:\/\/joanafranco.com\/pt-br\/projetos\/sabedoria-do-corpo-coracao\/#primaryimage"},"thumbnailUrl":"https:\/\/joanafranco.com\/wp-content\/uploads\/2023\/03\/Vivencia-de-Reconexao-com-a-Sabedoria-do-Corpo-Coracao.png","datePublished":"2023-03-14T15:17:57+00:00","dateModified":"2023-05-25T12:43:10+00:00","description":"Essa experi\u00eancia trar\u00e1 consci\u00eancia \u00e0s energias que est\u00e3o presas no corpo, a fim de liber\u00e1-las e entrar em contato com a sabedoria interior do cora\u00e7\u00e3o.","breadcrumb":{"@id":"https:\/\/joanafranco.com\/pt-br\/projetos\/sabedoria-do-corpo-coracao\/#breadcrumb"},"inLanguage":"pt-BR","potentialAction":[{"@type":"ReadAction","target":["https:\/\/joanafranco.com\/pt-br\/projetos\/sabedoria-do-corpo-coracao\/"]}]},{"@type":"ImageObject","inLanguage":"pt-BR","@id":"https:\/\/joanafranco.com\/pt-br\/projetos\/sabedoria-do-corpo-coracao\/#primaryimage","url":"https:\/\/joanafranco.com\/wp-content\/uploads\/2023\/03\/Vivencia-de-Reconexao-com-a-Sabedoria-do-Corpo-Coracao.png","contentUrl":"https:\/\/joanafranco.com\/wp-content\/uploads\/2023\/03\/Vivencia-de-Reconexao-com-a-Sabedoria-do-Corpo-Coracao.png","width":1080,"height":1080},{"@type":"BreadcrumbList","@id":"https:\/\/joanafranco.com\/pt-br\/projetos\/sabedoria-do-corpo-coracao\/#breadcrumb","itemListElement":[{"@type":"ListItem","position":1,"name":"Home","item":"https:\/\/joanafranco.online\/"},{"@type":"ListItem","position":2,"name":"Projetos","item":"https:\/\/joanafranco.com\/pt-br\/projetos\/"},{"@type":"ListItem","position":3,"name":"Sabedoria do Corpo-Cora\u00e7\u00e3o"}]},{"@type":"WebSite","@id":"https:\/\/joanafranco.online\/#website","url":"https:\/\/joanafranco.online\/","name":"Joana Franco","description":"Aprendizado Transformativo","publisher":{"@id":"https:\/\/joanafranco.online\/#\/schema\/person\/ac4a46ccc8a96e4910393418f135ce1d"},"potentialAction":[{"@type":"SearchAction","target":{"@type":"EntryPoint","urlTemplate":"https:\/\/joanafranco.online\/?s={search_term_string}"},"query-input":{"@type":"PropertyValueSpecification","valueRequired":true,"valueName":"search_term_string"}}],"inLanguage":"pt-BR"},{"@type":["Person","Organization"],"@id":"https:\/\/joanafranco.online\/#\/schema\/person\/ac4a46ccc8a96e4910393418f135ce1d","name":"Joana Franco","image":{"@type":"ImageObject","inLanguage":"pt-BR","@id":"https:\/\/joanafranco.com\/wp-content\/uploads\/2022\/10\/joana_franco_ogimage.png","url":"https:\/\/joanafranco.com\/wp-content\/uploads\/2022\/10\/joana_franco_ogimage.png","contentUrl":"https:\/\/joanafranco.com\/wp-content\/uploads\/2022\/10\/joana_franco_ogimage.png","width":600,"height":315,"caption":"Joana Franco"},"logo":{"@id":"https:\/\/joanafranco.com\/wp-content\/uploads\/2022\/10\/joana_franco_ogimage.png"}}]}},"_links":{"self":[{"href":"https:\/\/joanafranco.com\/pt-br\/wp-json\/wp\/v2\/project\/1023","targetHints":{"allow":["GET"]}}],"collection":[{"href":"https:\/\/joanafranco.com\/pt-br\/wp-json\/wp\/v2\/project"}],"about":[{"href":"https:\/\/joanafranco.com\/pt-br\/wp-json\/wp\/v2\/types\/project"}],"wp:featuredmedia":[{"embeddable":true,"href":"https:\/\/joanafranco.com\/pt-br\/wp-json\/wp\/v2\/media\/1012"}],"wp:attachment":[{"href":"https:\/\/joanafranco.com\/pt-br\/wp-json\/wp\/v2\/media?parent=1023"}],"curies":[{"name":"wp","href":"https:\/\/api.w.org\/{rel}","templated":true}]}}