{"id":176,"date":"2022-09-05T19:39:13","date_gmt":"2022-09-05T19:39:13","guid":{"rendered":"https:\/\/joanafranco.test\/minha-jornada-sobre-mim\/"},"modified":"2025-10-19T14:07:11","modified_gmt":"2025-10-19T14:07:11","slug":"minha-jornada","status":"publish","type":"page","link":"https:\/\/joanafranco.com\/pt-br\/minha-jornada\/","title":{"rendered":"Minha Jornada"},"content":{"rendered":"\n<p>Tenho mais de 30 anos de experi\u00eancia com medita\u00e7\u00e3o e outras modalidades contemplativas de autoconsci\u00eancia. Estudei com muitos professores, aprendendo da medita\u00e7\u00e3o transcendental \u00e0 medita\u00e7\u00e3o din\u00e2mica, da auto-inquiri\u00e7\u00e3o \u00e0 mindfulness, da yoga ao trabalho de respira\u00e7\u00e3o, das pr\u00e1ticas xam\u00e2nicas ao design humano.<\/p>\n\n<p>Dediquei minha pesquisa de doutorado na Utah State University para estudar o Aprendizado Transformativo, desenvolvendo um curso online para introduzir mindfulness a estudantes do ensino superior de forma promover interesse em bem-estar e engajamento em pr\u00e1ticas de autocuidado.<\/p>\n\n<p>Sou professora de mindfulness certificada pela UC Berkeley atrav\u00e9s do programa MMTCP de Tara Brach e Jack Kornfield e tive Jill Satterfield como minha mentora direta. Sou instrutora de ioga certificada e trabalho de respira\u00e7\u00e3o som\u00e1tica, al\u00e9m de especialista em design humano qu\u00e2ntico. Tamb\u00e9m fiz treinamentos em comunica\u00e7\u00e3o e lideran\u00e7a consciente com foco em mindfulness aplicada ao local de trabalho.<\/p>\n\n<h3 class=\"wp-block-heading\" id=\"a-little-bit-of-history\">Um pouco de hist\u00f3ria&#8230;<\/h3>\n\n<p>Sempre fui curiosa e interessada em espiritualidade e transforma\u00e7\u00e3o. Comecei minha jornada com medita\u00e7\u00e3o e investiga\u00e7\u00e3o interior aos 5 anos. Sempre fui uma esp\u00e9cie de rebelde, uma pessoa fora do contexto. Espiritualidade para mim nunca foi sobre religi\u00f5es organizadas, mas sobre conex\u00e3o comigo mesma de uma forma mais profunda e ampla.<\/p>\n\n<p>Por muito tempo, minha pr\u00e1tica espiritual foi uma grande parte da minha vida privada, mas n\u00e3o t\u00e3o conectada \u00e0 minha vida p\u00fablica. Embora tenha influenciado minha maneira de ser no mundo, n\u00e3o fiz dela minha bandeira. No entanto, sempre quis mudar o mundo, porque vi quanto sofrimento havia devido \u00e0 desconex\u00e3o interna.<\/p>\n\n<p>Iniciei minha vida profissional na \u00e1rea de Comunica\u00e7\u00e3o Social. Formei-me em jornalismo motivada pelo ideal de mudar o mundo, mas nem preciso dizer que isso n\u00e3o aconteceu. lol<\/p>\n\n<p>Logo ap\u00f3s a gradua\u00e7\u00e3o, comecei a trabalhar como redatora e web designer em uma ag\u00eancia local. Investi em uma especializa\u00e7\u00e3o em Design Gr\u00e1fico e logo fui convidada a assumir fun\u00e7\u00f5es de lideran\u00e7a nessa ag\u00eancia, gerenciando projetos de design e equipes.<\/p>\n\n<p>Por que eu queria ter melhores oportunidades, decidi aplicar para um mestrado em Comunica\u00e7\u00e3o e Tecnocultura, onde estudei Design de Intera\u00e7\u00e3o.<\/p>\n\n<p>Ent\u00e3o, fui convidada para lecionar em uma faculdade de design. Me senti profundamente (e positivamente) desafiada pelo processo de ensinar &#8212; e consequentemente ser eterna aprendiz.<\/p>\n\n<p>Trabalhando no ensino superior, fui chamada a resgatar aquele velho sonho de mudar o mundo. Percebi que conectar e orientar estudantes, proporcionando-lhes oportunidades de crescimento, foi algo que me deu muita satisfa\u00e7\u00e3o e realiza\u00e7\u00e3o.<\/p>\n\n<p>Tamb\u00e9m fui convidada a assumir cargos de lideran\u00e7a na institui\u00e7\u00e3o de ensino em que trabalhei, primeiro como Supervisora de Est\u00e1gio e, depois, como Coordenadora de Curso.<\/p>\n\n<p>Seguindo a natural e esperada progress\u00e3o de uma carreira acad\u00eamica no Brasil, passei como professora concursada em uma universidade federal e, ao mesmo tempo, consegui uma bolsa para fazer doutorado no exterior. A universidade n\u00e3o me permitiu fazer ambos, ent\u00e3o tive que escolher entre os dois e escolhi viajar para o exterior.<\/p>\n\n<p>Fui para os Estados Unidos fazer meus estudos de doutorado na \u00e1rea de Educa\u00e7\u00e3o e Tecnologia na Utah State University. Foi uma experi\u00eancia transformadora ser estrangeira e me abrir para uma cultura diferente como essa. Passei por muitas crises, mas tamb\u00e9m aproveitei e vivi plenamente. Continuei me desafiando a aprender com cada situa\u00e7\u00e3o.<\/p>\n\n<p>Por causa da minha experi\u00eancia no mundo acad\u00eamico, decidi conduzir minha pesquisa sobre o t\u00f3pico de mindfulness no ensino superior, mais especificamente, estudei maneiras de ajudar os alunos a desenvolver interesse em medita\u00e7\u00e3o e promover o aprendizado transformador no ensino superior. Este foi o momento oficial em que minha pr\u00e1tica espiritual privada se sobrep\u00f4s \u00e0 minha vida profissional p\u00fablica.<\/p>\n\n<p>Ap\u00f3s 6 anos e uma mudan\u00e7a na minha vis\u00e3o de mundo, me formei doutora em Design Instrucional e Ci\u00eancias do Aprendizado, mas vi pouco significado em continuar no caminho acad\u00eamico com o sistema educacional como ele estava. Eu queria provocar mudan\u00e7a no sistema, ent\u00e3o comecei a ensinar mindfulness na universidade que fiz o doutorado.<\/p>\n\n<p>Eu sei que a maior mudan\u00e7a que algu\u00e9m pode realizar neste mundo \u00e9 a sua pr\u00f3pria e isso \u00e9 o que mindfulness pode fazer: nos ajudar a desenvolver autoconsci\u00eancia e transformar nossas vidas pra melhor. Ter a aud\u00e1cia de olhar para dentro, para o que \u00e9 significativo, e ter a coragem de agir sobre o que nos faz sentir vivas\/os (que faz verdadeiro sentido no corpo) \u00e9 radical. Vai totalmente contra o sistema.<\/p>\n\n<p>Decidi me dedicar minha vida a ajudar pessoas a se reconectarem consigo mesmas, saberem quem s\u00e3o e ter clareza sobre o que \u00e9 significativo para elas, acenderem seu fogo interior e dar suporte para se sentirem vivas e com prop\u00f3sito novamente.<\/p>\n\n<p>Hoje, ap\u00f3s mais de 30 anos de pr\u00e1tica contemplativa pessoal e 20 anos de estudos formais e certifica\u00e7\u00f5es, eu desenho e facilito experi\u00eancias de aprendizado transformativo para proporcionar reconex\u00e3o e transforma\u00e7\u00e3o na vida das pessoas.<\/p>\n\n<p>Meu prop\u00f3sito \u00e9 servir ao despertar de seres conscientes e integrais para viverem vidas com prop\u00f3sito, inspiradas e inspiradoras. Minha paix\u00e3o \u00e9 ajud\u00e1-las\/os a lembrarem do seu ser mais aut\u00eantico e livre, e realinharem-se com for\u00e7a interior criativa e de cura.<\/p>\n\n<p><\/p>\n","protected":false},"excerpt":{"rendered":"<p>Tenho mais de 30 anos de experi\u00eancia com medita\u00e7\u00e3o e outras modalidades contemplativas de autoconsci\u00eancia. Estudei com muitos professores, aprendendo da medita\u00e7\u00e3o transcendental \u00e0 medita\u00e7\u00e3o din\u00e2mica, da auto-inquiri\u00e7\u00e3o \u00e0 mindfulness, da yoga ao trabalho de respira\u00e7\u00e3o, das pr\u00e1ticas xam\u00e2nicas ao design humano. Dediquei minha pesquisa de doutorado na Utah State University para estudar o Aprendizado [&hellip;]<\/p>\n","protected":false},"author":2,"featured_media":0,"parent":0,"menu_order":0,"comment_status":"closed","ping_status":"closed","template":"","meta":{"_acf_changed":false,"footnotes":""},"class_list":["post-176","page","type-page","status-publish","hentry"],"acf":[],"yoast_head":"<!-- This site is optimized with the Yoast SEO plugin v27.4 - https:\/\/yoast.com\/product\/yoast-seo-wordpress\/ -->\n<title>Minha Jornada - Joana Franco<\/title>\n<meta name=\"description\" content=\"Meu prop\u00f3sito \u00e9 servir ao despertar de seres conscientes e integrais para viverem vidas com prop\u00f3sito, inspiradas e inspiradoras. Minha paix\u00e3o \u00e9 ajud\u00e1-las\/os a lembrarem do seu ser mais aut\u00eantico e livre, e realinharem-se com for\u00e7a interior criativa e de cura.\" \/>\n<meta name=\"robots\" content=\"index, follow, max-snippet:-1, max-image-preview:large, max-video-preview:-1\" \/>\n<link rel=\"canonical\" href=\"https:\/\/joanafranco.com\/pt-br\/minha-jornada\/\" \/>\n<meta property=\"og:locale\" content=\"pt_BR\" \/>\n<meta property=\"og:type\" content=\"article\" \/>\n<meta property=\"og:title\" content=\"Minha Jornada - Joana Franco\" \/>\n<meta property=\"og:description\" content=\"Meu prop\u00f3sito \u00e9 servir ao despertar de seres conscientes e integrais para viverem vidas com prop\u00f3sito, inspiradas e inspiradoras. Minha paix\u00e3o \u00e9 ajud\u00e1-las\/os a lembrarem do seu ser mais aut\u00eantico e livre, e realinharem-se com for\u00e7a interior criativa e de cura.\" \/>\n<meta property=\"og:url\" content=\"https:\/\/joanafranco.com\/pt-br\/minha-jornada\/\" \/>\n<meta property=\"og:site_name\" content=\"Joana Franco\" \/>\n<meta property=\"article:modified_time\" content=\"2025-10-19T14:07:11+00:00\" \/>\n<meta name=\"twitter:card\" content=\"summary_large_image\" \/>\n<meta name=\"twitter:label1\" content=\"Est. tempo de leitura\" \/>\n\t<meta name=\"twitter:data1\" content=\"3 minutos\" \/>\n<script type=\"application\/ld+json\" class=\"yoast-schema-graph\">{\"@context\":\"https:\\\/\\\/schema.org\",\"@graph\":[{\"@type\":\"WebPage\",\"@id\":\"https:\\\/\\\/joanafranco.com\\\/pt-br\\\/minha-jornada\\\/\",\"url\":\"https:\\\/\\\/joanafranco.com\\\/pt-br\\\/minha-jornada\\\/\",\"name\":\"Minha Jornada - Joana Franco\",\"isPartOf\":{\"@id\":\"https:\\\/\\\/joanafranco.online\\\/#website\"},\"datePublished\":\"2022-09-05T19:39:13+00:00\",\"dateModified\":\"2025-10-19T14:07:11+00:00\",\"description\":\"Meu prop\u00f3sito \u00e9 servir ao despertar de seres conscientes e integrais para viverem vidas com prop\u00f3sito, inspiradas e inspiradoras. Minha paix\u00e3o \u00e9 ajud\u00e1-las\\\/os a lembrarem do seu ser mais aut\u00eantico e livre, e realinharem-se com for\u00e7a interior criativa e de cura.\",\"breadcrumb\":{\"@id\":\"https:\\\/\\\/joanafranco.com\\\/pt-br\\\/minha-jornada\\\/#breadcrumb\"},\"inLanguage\":\"pt-BR\",\"potentialAction\":[{\"@type\":\"ReadAction\",\"target\":[\"https:\\\/\\\/joanafranco.com\\\/pt-br\\\/minha-jornada\\\/\"]}]},{\"@type\":\"BreadcrumbList\",\"@id\":\"https:\\\/\\\/joanafranco.com\\\/pt-br\\\/minha-jornada\\\/#breadcrumb\",\"itemListElement\":[{\"@type\":\"ListItem\",\"position\":1,\"name\":\"Home\",\"item\":\"https:\\\/\\\/joanafranco.online\\\/\"},{\"@type\":\"ListItem\",\"position\":2,\"name\":\"Minha Jornada\"}]},{\"@type\":\"WebSite\",\"@id\":\"https:\\\/\\\/joanafranco.online\\\/#website\",\"url\":\"https:\\\/\\\/joanafranco.online\\\/\",\"name\":\"Joana Franco\",\"description\":\"Aprendizado Transformativo\",\"publisher\":{\"@id\":\"https:\\\/\\\/joanafranco.online\\\/#\\\/schema\\\/person\\\/ac4a46ccc8a96e4910393418f135ce1d\"},\"potentialAction\":[{\"@type\":\"SearchAction\",\"target\":{\"@type\":\"EntryPoint\",\"urlTemplate\":\"https:\\\/\\\/joanafranco.online\\\/?s={search_term_string}\"},\"query-input\":{\"@type\":\"PropertyValueSpecification\",\"valueRequired\":true,\"valueName\":\"search_term_string\"}}],\"inLanguage\":\"pt-BR\"},{\"@type\":[\"Person\",\"Organization\"],\"@id\":\"https:\\\/\\\/joanafranco.online\\\/#\\\/schema\\\/person\\\/ac4a46ccc8a96e4910393418f135ce1d\",\"name\":\"Joana Franco\",\"image\":{\"@type\":\"ImageObject\",\"inLanguage\":\"pt-BR\",\"@id\":\"https:\\\/\\\/joanafranco.com\\\/wp-content\\\/uploads\\\/2022\\\/10\\\/joana_franco_ogimage.png\",\"url\":\"https:\\\/\\\/joanafranco.com\\\/wp-content\\\/uploads\\\/2022\\\/10\\\/joana_franco_ogimage.png\",\"contentUrl\":\"https:\\\/\\\/joanafranco.com\\\/wp-content\\\/uploads\\\/2022\\\/10\\\/joana_franco_ogimage.png\",\"width\":600,\"height\":315,\"caption\":\"Joana Franco\"},\"logo\":{\"@id\":\"https:\\\/\\\/joanafranco.com\\\/wp-content\\\/uploads\\\/2022\\\/10\\\/joana_franco_ogimage.png\"}}]}<\/script>\n<!-- \/ Yoast SEO plugin. -->","yoast_head_json":{"title":"Minha Jornada - Joana Franco","description":"Meu prop\u00f3sito \u00e9 servir ao despertar de seres conscientes e integrais para viverem vidas com prop\u00f3sito, inspiradas e inspiradoras. Minha paix\u00e3o \u00e9 ajud\u00e1-las\/os a lembrarem do seu ser mais aut\u00eantico e livre, e realinharem-se com for\u00e7a interior criativa e de cura.","robots":{"index":"index","follow":"follow","max-snippet":"max-snippet:-1","max-image-preview":"max-image-preview:large","max-video-preview":"max-video-preview:-1"},"canonical":"https:\/\/joanafranco.com\/pt-br\/minha-jornada\/","og_locale":"pt_BR","og_type":"article","og_title":"Minha Jornada - Joana Franco","og_description":"Meu prop\u00f3sito \u00e9 servir ao despertar de seres conscientes e integrais para viverem vidas com prop\u00f3sito, inspiradas e inspiradoras. Minha paix\u00e3o \u00e9 ajud\u00e1-las\/os a lembrarem do seu ser mais aut\u00eantico e livre, e realinharem-se com for\u00e7a interior criativa e de cura.","og_url":"https:\/\/joanafranco.com\/pt-br\/minha-jornada\/","og_site_name":"Joana Franco","article_modified_time":"2025-10-19T14:07:11+00:00","twitter_card":"summary_large_image","twitter_misc":{"Est. tempo de leitura":"3 minutos"},"schema":{"@context":"https:\/\/schema.org","@graph":[{"@type":"WebPage","@id":"https:\/\/joanafranco.com\/pt-br\/minha-jornada\/","url":"https:\/\/joanafranco.com\/pt-br\/minha-jornada\/","name":"Minha Jornada - Joana Franco","isPartOf":{"@id":"https:\/\/joanafranco.online\/#website"},"datePublished":"2022-09-05T19:39:13+00:00","dateModified":"2025-10-19T14:07:11+00:00","description":"Meu prop\u00f3sito \u00e9 servir ao despertar de seres conscientes e integrais para viverem vidas com prop\u00f3sito, inspiradas e inspiradoras. Minha paix\u00e3o \u00e9 ajud\u00e1-las\/os a lembrarem do seu ser mais aut\u00eantico e livre, e realinharem-se com for\u00e7a interior criativa e de cura.","breadcrumb":{"@id":"https:\/\/joanafranco.com\/pt-br\/minha-jornada\/#breadcrumb"},"inLanguage":"pt-BR","potentialAction":[{"@type":"ReadAction","target":["https:\/\/joanafranco.com\/pt-br\/minha-jornada\/"]}]},{"@type":"BreadcrumbList","@id":"https:\/\/joanafranco.com\/pt-br\/minha-jornada\/#breadcrumb","itemListElement":[{"@type":"ListItem","position":1,"name":"Home","item":"https:\/\/joanafranco.online\/"},{"@type":"ListItem","position":2,"name":"Minha Jornada"}]},{"@type":"WebSite","@id":"https:\/\/joanafranco.online\/#website","url":"https:\/\/joanafranco.online\/","name":"Joana Franco","description":"Aprendizado Transformativo","publisher":{"@id":"https:\/\/joanafranco.online\/#\/schema\/person\/ac4a46ccc8a96e4910393418f135ce1d"},"potentialAction":[{"@type":"SearchAction","target":{"@type":"EntryPoint","urlTemplate":"https:\/\/joanafranco.online\/?s={search_term_string}"},"query-input":{"@type":"PropertyValueSpecification","valueRequired":true,"valueName":"search_term_string"}}],"inLanguage":"pt-BR"},{"@type":["Person","Organization"],"@id":"https:\/\/joanafranco.online\/#\/schema\/person\/ac4a46ccc8a96e4910393418f135ce1d","name":"Joana Franco","image":{"@type":"ImageObject","inLanguage":"pt-BR","@id":"https:\/\/joanafranco.com\/wp-content\/uploads\/2022\/10\/joana_franco_ogimage.png","url":"https:\/\/joanafranco.com\/wp-content\/uploads\/2022\/10\/joana_franco_ogimage.png","contentUrl":"https:\/\/joanafranco.com\/wp-content\/uploads\/2022\/10\/joana_franco_ogimage.png","width":600,"height":315,"caption":"Joana Franco"},"logo":{"@id":"https:\/\/joanafranco.com\/wp-content\/uploads\/2022\/10\/joana_franco_ogimage.png"}}]}},"_links":{"self":[{"href":"https:\/\/joanafranco.com\/pt-br\/wp-json\/wp\/v2\/pages\/176","targetHints":{"allow":["GET"]}}],"collection":[{"href":"https:\/\/joanafranco.com\/pt-br\/wp-json\/wp\/v2\/pages"}],"about":[{"href":"https:\/\/joanafranco.com\/pt-br\/wp-json\/wp\/v2\/types\/page"}],"author":[{"embeddable":true,"href":"https:\/\/joanafranco.com\/pt-br\/wp-json\/wp\/v2\/users\/2"}],"replies":[{"embeddable":true,"href":"https:\/\/joanafranco.com\/pt-br\/wp-json\/wp\/v2\/comments?post=176"}],"version-history":[{"count":11,"href":"https:\/\/joanafranco.com\/pt-br\/wp-json\/wp\/v2\/pages\/176\/revisions"}],"predecessor-version":[{"id":2398,"href":"https:\/\/joanafranco.com\/pt-br\/wp-json\/wp\/v2\/pages\/176\/revisions\/2398"}],"wp:attachment":[{"href":"https:\/\/joanafranco.com\/pt-br\/wp-json\/wp\/v2\/media?parent=176"}],"curies":[{"name":"wp","href":"https:\/\/api.w.org\/{rel}","templated":true}]}}